{"id":2430,"date":"2022-09-15T15:32:01","date_gmt":"2022-09-15T15:32:01","guid":{"rendered":"https:\/\/dollama.org\/the-video\/"},"modified":"2022-09-27T09:09:32","modified_gmt":"2022-09-27T09:09:32","slug":"the-video","status":"publish","type":"page","link":"https:\/\/dollama.org\/tr\/the-video\/","title":{"rendered":"Belgesel"},"content":{"rendered":"<p>[vc_row top=&#8221;1px&#8221; bottom=&#8221;1px&#8221;][vc_column][vc_empty_space height=&#8221;5px&#8221;][\/vc_column][\/vc_row][vc_row][vc_column][vc_video link=&#8221;https:\/\/youtu.be\/iwVMRAOG01c&#8221; align=&#8221;center&#8221;][\/vc_column][\/vc_row][vc_row textalign=&#8221;right&#8221; bg_color=&#8221;#e74d3d&#8221; font_color=&#8221;#ffffff&#8221;][vc_column width=&#8221;5\/6&#8243; css=&#8221;.vc_custom_1426777723722{padding-right: 60px !important;}&#8221;][vc_column_text]<\/p>\n<p style=\"text-align: left;\"><span style=\"font-size: 24px;\">&#8220;Kosova\u2019n\u0131n k\u00fclt\u00fcrel bir miras\u0131, Dolama&#8221;<\/span><\/p>\n<p style=\"text-align: left;\">Dollama.org, dolama (Kosova&#8217;da geleneksel gelin k\u0131yafeti) \u00fcretimi konusunda e\u011fitim alm\u0131\u015f kad\u0131nlar\u0131n potansiyel al\u0131c\u0131larla temasa ge\u00e7melerine yard\u0131mc\u0131 olmay\u0131 ve b\u00f6ylece kad\u0131n istihdam\u0131n\u0131n te\u015fviki i\u00e7in bir platform olarak hizmet etmeyi ama\u00e7l\u0131yor.<\/p>\n<p>[\/vc_column_text][\/vc_column][vc_column width=&#8221;1\/6&#8243;][vc_single_image image=&#8221;2424&#8243; img_size=&#8221;full&#8221; alignment=&#8221;center&#8221; onclick=&#8221;custom_link&#8221; link=&#8221;https:\/\/dollama.org\/tr\/the-training\/&#8221;][\/vc_column][\/vc_row][vc_row top=&#8221;20px&#8221; bottom=&#8221;20px&#8221;][vc_column][vc_column_text][\/vc_column_text][\/vc_column][\/vc_row][vc_row top=&#8221;40px&#8221; bottom=&#8221;20px&#8221; bg_color=&#8221;#000000&#8243;][vc_column][vc_column_text]<strong>Bu web sitesi Avrupa Birli\u011fi&#8217;nin mali deste\u011fi ile haz\u0131rlanm\u0131\u015ftir.<\/strong> \u0130\u00e7eri\u011fi tamamen &#8220;EC Ma Ndryshe&#8221; kurulu\u015funun sorumlulu\u011fundad\u0131r ve Avrupa Birli\u011fi ve uygulay\u0131c\u0131 ortak Birle\u015fmi\u015f Milletler Kalk\u0131nma Program\u0131&#8217;n\u0131n (UNDP) g\u00f6r\u00fc\u015flerini yans\u0131tmayabilir.<\/p>\n<p>EC Ma Ndryshe taraf\u0131ndan uygulanan &#8220;Kosova&#8217;n\u0131n k\u00fclt\u00fcrel bir miras\u0131, Dolama&#8221; projesi, Avrupa Birli\u011fi D\u0131\u015f Politika Arac\u0131 (FPI) taraf\u0131ndan finanse edilen &#8220;Topluluklar Aras\u0131 Diyalog ve Sosyal Uyum i\u00e7in bir S\u00fcr\u00fcc\u00fc&#8221; ve Avrupa Birli\u011fi D\u0131\u015f Politika Arac\u0131 (FPI) taraf\u0131ndan finanse edilen \u201cTopluluklar Aras\u0131 Diyalog ve Sosyal Uyum i\u00e7in Bir S\u00fcr\u00fcc\u00fc olarak K\u00fclt\u00fcrel Miras\u201d projesinin mali hibesinin bir par\u00e7as\u0131d\u0131r ve Birle\u015fmi\u015f Milletler Kalk\u0131nma Program\u0131 (UNDP) taraf\u0131ndan uygulanmaktad\u0131r.[\/vc_column_text][vc_empty_space height=&#8221;10px&#8221;][\/vc_column][\/vc_row][vc_row top=&#8221;20px&#8221; bottom=&#8221;20px&#8221;][vc_column][vc_column_text][\/vc_column_text][\/vc_column][\/vc_row][vc_row top=&#8221;10px&#8221; bottom=&#8221;10px&#8221; bg_color=&#8221;#0a0a0a&#8221;][vc_column][vc_column_text]<\/p>\n<p style=\"text-align: center;\">\u00a9 2022\u00a0<a title=\"EC Ma Ndryshe\" href=\"https:\/\/www.ecmandryshe.org\/\" rel=\"nofollow\">EC Ma Ndryshe<\/a><\/p>\n<p>[\/vc_column_text][\/vc_column][\/vc_row]<\/p>\n","protected":false},"excerpt":{"rendered":"<p>[vc_row top=&#8221;1px&#8221; bottom=&#8221;1px&#8221;][vc_column][vc_empty_space height=&#8221;5px&#8221;][\/vc_column][\/vc_row][vc_row][vc_column][vc_video link=&#8221;https:\/\/youtu.be\/iwVMRAOG01c&#8221; align=&#8221;center&#8221;][\/vc_column][\/vc_row][vc_row textalign=&#8221;right&#8221; bg_color=&#8221;#e74d3d&#8221; font_color=&#8221;#ffffff&#8221;][vc_column width=&#8221;5\/6&#8243; css=&#8221;.vc_custom_1426777723722{padding-right: 60px !important;}&#8221;][vc_column_text] &#8220;Kosova\u2019n\u0131n k\u00fclt\u00fcrel bir miras\u0131, Dolama&#8221; Dollama.org, dolama (Kosova&#8217;da geleneksel gelin k\u0131yafeti) \u00fcretimi konusunda e\u011fitim alm\u0131\u015f kad\u0131nlar\u0131n potansiyel al\u0131c\u0131larla temasa ge\u00e7melerine yard\u0131mc\u0131 olmay\u0131 ve b\u00f6ylece kad\u0131n istihdam\u0131n\u0131n te\u015fviki i\u00e7in bir platform olarak hizmet etmeyi ama\u00e7l\u0131yor. [\/vc_column_text][\/vc_column][vc_column width=&#8221;1\/6&#8243;][vc_single_image image=&#8221;2424&#8243; img_size=&#8221;full&#8221; alignment=&#8221;center&#8221; onclick=&#8221;custom_link&#8221; link=&#8221;https:\/\/dollama.org\/tr\/the-training\/&#8221;][\/vc_column][\/vc_row][vc_row top=&#8221;20px&#8221; [&hellip;]<\/p>\n","protected":false},"author":1,"featured_media":0,"parent":0,"menu_order":0,"comment_status":"closed","ping_status":"closed","template":"page-full-width.php","meta":[],"_links":{"self":[{"href":"https:\/\/dollama.org\/tr\/wp-json\/wp\/v2\/pages\/2430"}],"collection":[{"href":"https:\/\/dollama.org\/tr\/wp-json\/wp\/v2\/pages"}],"about":[{"href":"https:\/\/dollama.org\/tr\/wp-json\/wp\/v2\/types\/page"}],"author":[{"embeddable":true,"href":"https:\/\/dollama.org\/tr\/wp-json\/wp\/v2\/users\/1"}],"replies":[{"embeddable":true,"href":"https:\/\/dollama.org\/tr\/wp-json\/wp\/v2\/comments?post=2430"}],"version-history":[{"count":6,"href":"https:\/\/dollama.org\/tr\/wp-json\/wp\/v2\/pages\/2430\/revisions"}],"predecessor-version":[{"id":2523,"href":"https:\/\/dollama.org\/tr\/wp-json\/wp\/v2\/pages\/2430\/revisions\/2523"}],"wp:attachment":[{"href":"https:\/\/dollama.org\/tr\/wp-json\/wp\/v2\/media?parent=2430"}],"curies":[{"name":"wp","href":"https:\/\/api.w.org\/{rel}","templated":true}]}}